{"id":117,"date":"2020-12-31T11:06:38","date_gmt":"2020-12-31T10:06:38","guid":{"rendered":"http:\/\/farskallarna.se\/farskallarna\/?page_id=117"},"modified":"2025-04-21T22:28:00","modified_gmt":"2025-04-21T20:28:00","slug":"ar-2020-vad-hande-och-hur-gick-det","status":"publish","type":"page","link":"https:\/\/farskallarna.se\/farskallarna\/ar-2020-vad-hande-och-hur-gick-det\/","title":{"rendered":"F\u00f6lj v\u00e5r resa"},"content":{"rendered":"\n<p><em>F\u00f6lj F\u00e5rskallarna p\u00e5 <a rel=\"noreferrer noopener\" href=\"https:\/\/www.facebook.com\/farskallarnajadraas\" target=\"_blank\">facebook!<\/a><\/em><\/p>\n\n\n\n<h2 class=\"wp-block-heading\">\u00c4ntligen f\u00e5rmys!<\/h2>\n\n\n\n<p>Nu \u00e4r fyra fina tackor p\u00e5 plats! Det firade vi med en &#8221;f\u00e5r-afterwork&#8221; med p\u00e5sktema sk\u00e4rtorsdagen till \u00e4ra! <\/p>\n\n\n\n<figure class=\"wp-block-gallery has-nested-images columns-default is-cropped wp-block-gallery-1 is-layout-flex\">\n<figure class=\"wp-block-image size-large\"><img decoding=\"async\" loading=\"lazy\" width=\"1024\" height=\"731\" data-id=\"593\"  src=\"http:\/\/farskallarna.se\/farskallarna\/wp-content\/uploads\/2025\/04\/IMG_4866-1024x731.jpg\" alt=\"\" class=\"wp-image-593\" srcset=\"https:\/\/farskallarna.se\/farskallarna\/wp-content\/uploads\/2025\/04\/IMG_4866-1024x731.jpg 1024w, https:\/\/farskallarna.se\/farskallarna\/wp-content\/uploads\/2025\/04\/IMG_4866-300x214.jpg 300w, https:\/\/farskallarna.se\/farskallarna\/wp-content\/uploads\/2025\/04\/IMG_4866-768x548.jpg 768w, https:\/\/farskallarna.se\/farskallarna\/wp-content\/uploads\/2025\/04\/IMG_4866-1536x1097.jpg 1536w, https:\/\/farskallarna.se\/farskallarna\/wp-content\/uploads\/2025\/04\/IMG_4866-2048x1462.jpg 2048w\" sizes=\"(max-width: 767px) 89vw, (max-width: 1000px) 54vw, (max-width: 1071px) 543px, 580px\" \/><\/figure>\n\n\n\n<figure class=\"wp-block-image size-large\"><img decoding=\"async\" loading=\"lazy\" width=\"1024\" height=\"768\" data-id=\"592\"  src=\"http:\/\/farskallarna.se\/farskallarna\/wp-content\/uploads\/2025\/04\/IMG_4871-1024x768.jpg\" alt=\"\" class=\"wp-image-592\" srcset=\"https:\/\/farskallarna.se\/farskallarna\/wp-content\/uploads\/2025\/04\/IMG_4871-1024x768.jpg 1024w, https:\/\/farskallarna.se\/farskallarna\/wp-content\/uploads\/2025\/04\/IMG_4871-300x225.jpg 300w, https:\/\/farskallarna.se\/farskallarna\/wp-content\/uploads\/2025\/04\/IMG_4871-768x576.jpg 768w, https:\/\/farskallarna.se\/farskallarna\/wp-content\/uploads\/2025\/04\/IMG_4871-1536x1152.jpg 1536w, https:\/\/farskallarna.se\/farskallarna\/wp-content\/uploads\/2025\/04\/IMG_4871.jpg 2016w\" sizes=\"(max-width: 767px) 89vw, (max-width: 1000px) 54vw, (max-width: 1071px) 543px, 580px\" \/><\/figure>\n\n\n\n<figure class=\"wp-block-image size-large\"><img decoding=\"async\" loading=\"lazy\" width=\"1024\" height=\"768\" data-id=\"590\"  src=\"http:\/\/farskallarna.se\/farskallarna\/wp-content\/uploads\/2025\/04\/IMG_4875-1024x768.jpg\" alt=\"\" class=\"wp-image-590\" srcset=\"https:\/\/farskallarna.se\/farskallarna\/wp-content\/uploads\/2025\/04\/IMG_4875-1024x768.jpg 1024w, https:\/\/farskallarna.se\/farskallarna\/wp-content\/uploads\/2025\/04\/IMG_4875-300x225.jpg 300w, https:\/\/farskallarna.se\/farskallarna\/wp-content\/uploads\/2025\/04\/IMG_4875-768x576.jpg 768w, https:\/\/farskallarna.se\/farskallarna\/wp-content\/uploads\/2025\/04\/IMG_4875-1536x1152.jpg 1536w, https:\/\/farskallarna.se\/farskallarna\/wp-content\/uploads\/2025\/04\/IMG_4875.jpg 2016w\" sizes=\"(max-width: 767px) 89vw, (max-width: 1000px) 54vw, (max-width: 1071px) 543px, 580px\" \/><\/figure>\n\n\n\n<figure class=\"wp-block-image size-large\"><img decoding=\"async\" loading=\"lazy\" width=\"1024\" height=\"768\" data-id=\"591\"  src=\"http:\/\/farskallarna.se\/farskallarna\/wp-content\/uploads\/2025\/04\/IMG_4882-1024x768.jpg\" alt=\"\" class=\"wp-image-591\" srcset=\"https:\/\/farskallarna.se\/farskallarna\/wp-content\/uploads\/2025\/04\/IMG_4882-1024x768.jpg 1024w, https:\/\/farskallarna.se\/farskallarna\/wp-content\/uploads\/2025\/04\/IMG_4882-300x225.jpg 300w, https:\/\/farskallarna.se\/farskallarna\/wp-content\/uploads\/2025\/04\/IMG_4882-768x576.jpg 768w, https:\/\/farskallarna.se\/farskallarna\/wp-content\/uploads\/2025\/04\/IMG_4882-1536x1152.jpg 1536w, https:\/\/farskallarna.se\/farskallarna\/wp-content\/uploads\/2025\/04\/IMG_4882.jpg 2016w\" sizes=\"(max-width: 767px) 89vw, (max-width: 1000px) 54vw, (max-width: 1071px) 543px, 580px\" \/><\/figure>\n\n\n\n<figure class=\"wp-block-image size-large\"><img decoding=\"async\" loading=\"lazy\" width=\"953\" height=\"1024\" data-id=\"589\"  src=\"http:\/\/farskallarna.se\/farskallarna\/wp-content\/uploads\/2025\/04\/IMG_4888-953x1024.jpg\" alt=\"\" class=\"wp-image-589\" srcset=\"https:\/\/farskallarna.se\/farskallarna\/wp-content\/uploads\/2025\/04\/IMG_4888-953x1024.jpg 953w, https:\/\/farskallarna.se\/farskallarna\/wp-content\/uploads\/2025\/04\/IMG_4888-279x300.jpg 279w, https:\/\/farskallarna.se\/farskallarna\/wp-content\/uploads\/2025\/04\/IMG_4888-768x825.jpg 768w, https:\/\/farskallarna.se\/farskallarna\/wp-content\/uploads\/2025\/04\/IMG_4888-1429x1536.jpg 1429w, https:\/\/farskallarna.se\/farskallarna\/wp-content\/uploads\/2025\/04\/IMG_4888-1906x2048.jpg 1906w\" sizes=\"(max-width: 767px) 89vw, (max-width: 1000px) 54vw, (max-width: 1071px) 543px, 580px\" \/><\/figure>\n<\/figure>\n\n\n\n<h2 class=\"wp-block-heading\">Fix i hagen inf\u00f6r f\u00e5rens ankomst april 2025<\/h2>\n\n\n\n<p>Under april har det varit full aktivitet i hagen f\u00f6r att g\u00f6ra den nya hagen i ordning inf\u00f6r f\u00e5rens ankomst. Arbetsdagar b\u00e5de 5-6 april och 12-13 april med h\u00e4rligt engagemang fr\u00e5n m\u00e5nga personer. Riktigt fint blev det! Nu v\u00e4ntar vi p\u00e5 f\u00e5rens ankomst p\u00e5 sk\u00e4rtorsdagen! <\/p>\n\n\n\n<h2 class=\"wp-block-heading\"><br>F\u00f6reningsst\u00e4mma och andels\u00e4garm\u00f6te april 2025<\/h2>\n\n\n\n<p>Efter den \u00e5rliga f\u00f6reningsst\u00e4mman var det andels\u00e4garm\u00f6te och en trevlig\u00a0&#8221;m\u00f6tes-after-work&#8221; p\u00e5 Folkets hus.  Bra diskussioner och alla uppgifter \u00e4r f\u00f6rdelade inf\u00f6r kommande s\u00e4song!<\/p>\n\n\n\n<h2 class=\"wp-block-heading\">Vinterboende 28 oktober 2024<\/h2>\n\n\n\n<p>Nu \u00e4r alla tackorna p\u00e5 annan ort f\u00f6r vinterf\u00f6rvaring och bet\u00e4ckning. <\/p>\n\n\n\n<h2 class=\"wp-block-heading\">St\u00e4ddag och fest 19 oktober (2024)<\/h2>\n\n\n\n<p>F\u00e5rskallarna bj\u00f6d in till b\u00e5de fix och firande. Vi tr\u00e4ffades f\u00f6r att st\u00e4da hagen och g\u00f6ra fint bland v\u00e5ra saker &#8211; med efterf\u00f6ljande festlighet f\u00f6r att fira v\u00e5rt andra \u00e5r med egna lamm!<\/p>\n\n\n\n<h2 class=\"wp-block-heading\">Lammbaggarna har f\u00e5tt egen hage (2024)<\/h2>\n\n\n\n<p>\u00c5rets f\u00e5rs\u00e4song har kommit en bra bit och h\u00f6sten \u00e4r i ant\u00e5gande. Lammen, och nu bara lammbaggarna, har f\u00e5tt en ny fin hage nedanf\u00f6r bageriet, som har b\u00f6rjat betats av fint. <\/p>\n\n\n\n<h2 class=\"wp-block-heading\">V\u00e4gning av lammen (2024)<\/h2>\n\n\n\n<p>V\u00e4gning av lammen och de v\u00e4ger finfint! Gott om gr\u00e4s, \u00f6rter och k\u00e4rlek fr\u00e5n medlemmar, bybor och turister f\u00f6r livet gott f\u00f6r f\u00e5ren \u2764\ufe0f. <\/p>\n\n\n\n<h2 class=\"wp-block-heading\">Sommar och full fart i hagen (2024)<\/h2>\n\n\n\n<p>Sommar i hagen! Medlemmar och st\u00f6dmedlemmar hj\u00e4lps \u00e5t att med den dagliga sk\u00f6tseln, sommarlovslediga barn f\u00e5r extra mycket tid att mysa i hagen och f\u00e5r och lamm gl\u00e4djer alla som ska ta sig ett bad p\u00e5 badplatsen. <\/p>\n\n\n\n<figure class=\"wp-block-gallery has-nested-images columns-default is-cropped wp-block-gallery-3 is-layout-flex\">\n<figure class=\"wp-block-image size-large\"><img decoding=\"async\" loading=\"lazy\" width=\"768\" height=\"1024\" data-id=\"521\"  src=\"https:\/\/farskallarna.se\/farskallarna\/wp-content\/uploads\/2024\/07\/IMG_9291-768x1024.jpeg\" alt=\"\" class=\"wp-image-521\" srcset=\"https:\/\/farskallarna.se\/farskallarna\/wp-content\/uploads\/2024\/07\/IMG_9291-768x1024.jpeg 768w, https:\/\/farskallarna.se\/farskallarna\/wp-content\/uploads\/2024\/07\/IMG_9291-225x300.jpeg 225w, https:\/\/farskallarna.se\/farskallarna\/wp-content\/uploads\/2024\/07\/IMG_9291-1152x1536.jpeg 1152w, https:\/\/farskallarna.se\/farskallarna\/wp-content\/uploads\/2024\/07\/IMG_9291-1536x2048.jpeg 1536w, https:\/\/farskallarna.se\/farskallarna\/wp-content\/uploads\/2024\/07\/IMG_9291-scaled.jpeg 1920w\" sizes=\"(max-width: 767px) 89vw, (max-width: 1000px) 54vw, (max-width: 1071px) 543px, 580px\" \/><\/figure>\n\n\n\n<figure class=\"wp-block-image size-large\"><img decoding=\"async\" loading=\"lazy\" width=\"1024\" height=\"768\" data-id=\"525\"  src=\"https:\/\/farskallarna.se\/farskallarna\/wp-content\/uploads\/2024\/07\/utsikt-fa\u030ar-24-1024x768.jpg\" alt=\"\" class=\"wp-image-525\" srcset=\"https:\/\/farskallarna.se\/farskallarna\/wp-content\/uploads\/2024\/07\/utsikt-fa\u030ar-24-1024x768.jpg 1024w, https:\/\/farskallarna.se\/farskallarna\/wp-content\/uploads\/2024\/07\/utsikt-fa\u030ar-24-300x225.jpg 300w, https:\/\/farskallarna.se\/farskallarna\/wp-content\/uploads\/2024\/07\/utsikt-fa\u030ar-24-768x576.jpg 768w, https:\/\/farskallarna.se\/farskallarna\/wp-content\/uploads\/2024\/07\/utsikt-fa\u030ar-24-1536x1152.jpg 1536w, https:\/\/farskallarna.se\/farskallarna\/wp-content\/uploads\/2024\/07\/utsikt-fa\u030ar-24.jpg 2048w\" sizes=\"(max-width: 767px) 89vw, (max-width: 1000px) 54vw, (max-width: 1071px) 543px, 580px\" \/><\/figure>\n<\/figure>\n\n\n\n<h2 class=\"wp-block-heading\">Kl\u00f6vklippning (2024)<\/h2>\n\n\n\n<p>Manikyr i hagen. <\/p>\n\n\n\n<figure class=\"wp-block-gallery has-nested-images columns-default is-cropped wp-block-gallery-5 is-layout-flex\">\n<figure class=\"wp-block-image size-large\"><img decoding=\"async\" loading=\"lazy\" width=\"768\" height=\"1024\" data-id=\"515\"  src=\"https:\/\/farskallarna.se\/farskallarna\/wp-content\/uploads\/2024\/07\/klippning-24-1-1-768x1024.jpg\" alt=\"\" class=\"wp-image-515\" srcset=\"https:\/\/farskallarna.se\/farskallarna\/wp-content\/uploads\/2024\/07\/klippning-24-1-1-768x1024.jpg 768w, https:\/\/farskallarna.se\/farskallarna\/wp-content\/uploads\/2024\/07\/klippning-24-1-1-225x300.jpg 225w, https:\/\/farskallarna.se\/farskallarna\/wp-content\/uploads\/2024\/07\/klippning-24-1-1-1152x1536.jpg 1152w, https:\/\/farskallarna.se\/farskallarna\/wp-content\/uploads\/2024\/07\/klippning-24-1-1.jpg 1536w\" sizes=\"(max-width: 767px) 89vw, (max-width: 1000px) 54vw, (max-width: 1071px) 543px, 580px\" \/><\/figure>\n\n\n\n<figure class=\"wp-block-image size-large\"><img decoding=\"async\" loading=\"lazy\" width=\"768\" height=\"1024\" data-id=\"516\"  src=\"https:\/\/farskallarna.se\/farskallarna\/wp-content\/uploads\/2024\/07\/klippning-24-768x1024.jpg\" alt=\"\" class=\"wp-image-516\" srcset=\"https:\/\/farskallarna.se\/farskallarna\/wp-content\/uploads\/2024\/07\/klippning-24-768x1024.jpg 768w, https:\/\/farskallarna.se\/farskallarna\/wp-content\/uploads\/2024\/07\/klippning-24-225x300.jpg 225w, https:\/\/farskallarna.se\/farskallarna\/wp-content\/uploads\/2024\/07\/klippning-24-1152x1536.jpg 1152w, https:\/\/farskallarna.se\/farskallarna\/wp-content\/uploads\/2024\/07\/klippning-24.jpg 1536w\" sizes=\"(max-width: 767px) 89vw, (max-width: 1000px) 54vw, (max-width: 1071px) 543px, 580px\" \/><\/figure>\n<\/figure>\n\n\n\n<h2 class=\"wp-block-heading\">Mys i hagen  (2024)<\/h2>\n\n\n\n<p>Lammningen har g\u00e5tt bra och lamm och tackor njuter av nu varandras s\u00e4llskap. <\/p>\n\n\n\n<figure class=\"wp-block-gallery has-nested-images columns-default is-cropped wp-block-gallery-7 is-layout-flex\">\n<figure class=\"wp-block-image size-large\"><img decoding=\"async\" loading=\"lazy\" width=\"768\" height=\"1024\" data-id=\"507\"  src=\"https:\/\/farskallarna.se\/farskallarna\/wp-content\/uploads\/2024\/05\/IMG_0149-1-768x1024.jpg\" alt=\"\" class=\"wp-image-507\" srcset=\"https:\/\/farskallarna.se\/farskallarna\/wp-content\/uploads\/2024\/05\/IMG_0149-1-768x1024.jpg 768w, https:\/\/farskallarna.se\/farskallarna\/wp-content\/uploads\/2024\/05\/IMG_0149-1-225x300.jpg 225w, https:\/\/farskallarna.se\/farskallarna\/wp-content\/uploads\/2024\/05\/IMG_0149-1-1152x1536.jpg 1152w, https:\/\/farskallarna.se\/farskallarna\/wp-content\/uploads\/2024\/05\/IMG_0149-1-rotated.jpg 1512w\" sizes=\"(max-width: 767px) 89vw, (max-width: 1000px) 54vw, (max-width: 1071px) 543px, 580px\" \/><\/figure>\n<\/figure>\n\n\n\n<h2 class=\"wp-block-heading\">Lamning (2024)<\/h2>\n\n\n\n<p>S\u00e5 har skaran v\u00e4xt och de f\u00f6rsta lammen kommit. I mitten av maj  var det dags f\u00f6r de nya liven att ta sina f\u00f6rsta andetag i v\u00e4rlden. S\u00e5 fina! <\/p>\n\n\n\n<figure class=\"wp-block-gallery has-nested-images columns-default is-cropped wp-block-gallery-9 is-layout-flex\">\n<figure class=\"wp-block-image size-large\"><img decoding=\"async\" loading=\"lazy\" width=\"768\" height=\"1024\" data-id=\"524\"  src=\"https:\/\/farskallarna.se\/farskallarna\/wp-content\/uploads\/2024\/07\/IMG_9323-768x1024.jpeg\" alt=\"\" class=\"wp-image-524\" srcset=\"https:\/\/farskallarna.se\/farskallarna\/wp-content\/uploads\/2024\/07\/IMG_9323-768x1024.jpeg 768w, https:\/\/farskallarna.se\/farskallarna\/wp-content\/uploads\/2024\/07\/IMG_9323-225x300.jpeg 225w, https:\/\/farskallarna.se\/farskallarna\/wp-content\/uploads\/2024\/07\/IMG_9323-1152x1536.jpeg 1152w, https:\/\/farskallarna.se\/farskallarna\/wp-content\/uploads\/2024\/07\/IMG_9323-1536x2048.jpeg 1536w, https:\/\/farskallarna.se\/farskallarna\/wp-content\/uploads\/2024\/07\/IMG_9323-scaled.jpeg 1920w\" sizes=\"(max-width: 767px) 89vw, (max-width: 1000px) 54vw, (max-width: 1071px) 543px, 580px\" \/><\/figure>\n\n\n\n<figure class=\"wp-block-image size-large\"><img decoding=\"async\" loading=\"lazy\" width=\"768\" height=\"1024\" data-id=\"523\"  src=\"https:\/\/farskallarna.se\/farskallarna\/wp-content\/uploads\/2024\/07\/IMG_9334-768x1024.jpeg\" alt=\"\" class=\"wp-image-523\" srcset=\"https:\/\/farskallarna.se\/farskallarna\/wp-content\/uploads\/2024\/07\/IMG_9334-768x1024.jpeg 768w, https:\/\/farskallarna.se\/farskallarna\/wp-content\/uploads\/2024\/07\/IMG_9334-225x300.jpeg 225w, https:\/\/farskallarna.se\/farskallarna\/wp-content\/uploads\/2024\/07\/IMG_9334-1152x1536.jpeg 1152w, https:\/\/farskallarna.se\/farskallarna\/wp-content\/uploads\/2024\/07\/IMG_9334-1536x2048.jpeg 1536w, https:\/\/farskallarna.se\/farskallarna\/wp-content\/uploads\/2024\/07\/IMG_9334-scaled.jpeg 1920w\" sizes=\"(max-width: 767px) 89vw, (max-width: 1000px) 54vw, (max-width: 1071px) 543px, 580px\" \/><\/figure>\n<\/figure>\n\n\n\n<h2 class=\"wp-block-heading\">V\u00e4lkomna tillbaka!<\/h2>\n\n\n\n<p>Nu \u00e4r v\u00e5ra fyra tackor tillbaka i byn. Vi \u00e4r ett g\u00e4ng f\u00e5rskallar som \u00e4r ig\u00e5ng med den dagliga sk\u00f6tseln. Vi vill g\u00e4rna ha fler st\u00f6dmedlemmar eller annat st\u00f6d v\u00e5rt forts\u00e4tta arbete f\u00f6r bysamverkan och \u00f6ppna marker, l\u00e4s mer h\u00e4r: <a rel=\"noreferrer noopener\" href=\"https:\/\/farskallarna.se\/farskallarna\/wp-admin\/post.php?post=216&amp;action=edit\" target=\"_blank\">Bli st\u00f6dmedlem\/get ett bidrag. <\/a> <\/p>\n\n\n\n<figure class=\"wp-block-image size-large\"><img decoding=\"async\" loading=\"lazy\" width=\"793\" height=\"1024\" src=\"https:\/\/farskallarna.se\/farskallarna\/wp-content\/uploads\/2024\/05\/image-793x1024.png\" alt=\"\" class=\"wp-image-496\" srcset=\"https:\/\/farskallarna.se\/farskallarna\/wp-content\/uploads\/2024\/05\/image-793x1024.png 793w, https:\/\/farskallarna.se\/farskallarna\/wp-content\/uploads\/2024\/05\/image-232x300.png 232w, https:\/\/farskallarna.se\/farskallarna\/wp-content\/uploads\/2024\/05\/image-768x992.png 768w, https:\/\/farskallarna.se\/farskallarna\/wp-content\/uploads\/2024\/05\/image.png 808w\" sizes=\"(max-width: 767px) 89vw, (max-width: 1000px) 54vw, (max-width: 1071px) 543px, 580px\" \/><\/figure>\n\n\n\n<h2 class=\"wp-block-heading\">Arbetshelg i f\u00e5rhagen (2024)<\/h2>\n\n\n\n<p>I mitten av april var det dags f\u00f6r arbetshelg. Efter mycket om och men hamnade tillslut f\u00e5rens krypin p\u00e5 r\u00e4tt plats. \u00c4ven inh\u00e4ngnaden \u00e4r p\u00e5 plats. Det kr\u00e4vdes samarbete, kluriga id\u00e9er. Dagen bj\u00f6d p\u00e5 arbete och m\u00e5nga skratt. Nu \u00e4r vi redo f\u00f6r att ta emot f\u00e5ren!<\/p>\n\n\n\n<figure class=\"wp-block-gallery has-nested-images columns-default is-cropped wp-block-gallery-11 is-layout-flex\">\n<figure class=\"wp-block-image size-large\"><img decoding=\"async\" loading=\"lazy\" width=\"750\" height=\"784\" data-id=\"481\"  src=\"https:\/\/farskallarna.se\/farskallarna\/wp-content\/uploads\/2024\/04\/IMG_5837-1.jpg\" alt=\"\" class=\"wp-image-481\" srcset=\"https:\/\/farskallarna.se\/farskallarna\/wp-content\/uploads\/2024\/04\/IMG_5837-1.jpg 750w, https:\/\/farskallarna.se\/farskallarna\/wp-content\/uploads\/2024\/04\/IMG_5837-1-287x300.jpg 287w\" sizes=\"(max-width: 706px) 89vw, (max-width: 767px) 82vw, 740px\" \/><\/figure>\n\n\n\n<figure class=\"wp-block-image size-large\"><img decoding=\"async\" data-id=\"482\"  src=\"https:\/\/farskallarna.se\/farskallarna\/wp-content\/uploads\/2024\/04\/team.jpg\" alt=\"\" class=\"wp-image-482\"\/><\/figure>\n<\/figure>\n\n\n\n<h2 class=\"wp-block-heading\">\u00c5rets slakt (2023)<\/h2>\n\n\n\n<p>F\u00f6reningens f\u00f6rsta slakt \u00e4r nu genomf\u00f6rd och f\u00f6rdelad mellan andels\u00e4garna och medlemmarna.<\/p>\n\n\n\n<p>F\u00f6rst fick andels\u00e4garna best\u00e4mma hur mycket de ville k\u00f6pa av f\u00f6reningen, sedan n\u00e4r den tiden gick ut \u00e4ven s\u00e5 till st\u00f6dmedlemmarna. Det blev 9 lamm som av tv\u00e5 medlemmar f\u00e4rdades till Vinnersj\u00f6 G\u00e5rdsslakteri i s\u00f6dra G\u00e4strikland en kylslagen vinterdag den 19 november. D\u00e4r mottogs de av varma och kunniga h\u00e4nder.&nbsp;<\/p>\n\n\n\n<p>Att g\u00f6ra n\u00e5got f\u00f6rsta g\u00e5ngen som f\u00f6rening inneb\u00e4r sj\u00e4lvklart l\u00e4rdomar, demokratiska beslut och kanske en del insikter om f\u00f6rb\u00e4ttringsm\u00f6jligheter \u2013 men p\u00e5 det hela taget fungerade allt mycket bra!<\/p>\n\n\n\n<h2 class=\"wp-block-heading\">Jull\u00f6rdag i Bagarstugan (2023)<\/h2>\n\n\n\n<p>Under \u00e5rets traditionella Jull\u00f6rdag i J\u00e4dra\u00e5s l\u00e5nade F\u00e5rskallarna Bagarstugan (fr\u00e5n 1800- talet). Det blev ett mycket uppskattat inslag i dagen. Det bakades tunnbr\u00f6d och gjordes sm\u00f6rg\u00e5s av br\u00f6det.<\/p>\n\n\n\n<p>En j\u00e4mn str\u00f6m av bes\u00f6kare som uppskattade fikat som s\u00e5ldes till f\u00f6rm\u00e5n till v\u00e5rt F\u00e5rkooperativ. St\u00e4mningen blev mycket varm och trevlig med eld i bakugnen och i \u00f6ppna spisen och informationen om oss n\u00e5dde m\u00e5nga!<\/p>\n\n\n\n<figure class=\"wp-block-gallery has-nested-images columns-default is-cropped wp-block-gallery-13 is-layout-flex\">\n<figure class=\"wp-block-image size-large\"><img decoding=\"async\" loading=\"lazy\" width=\"756\" height=\"1008\" data-id=\"464\"  src=\"https:\/\/farskallarna.se\/farskallarna\/wp-content\/uploads\/2023\/12\/Resized_20231118_130533003-1.jpg\" alt=\"\" class=\"wp-image-464\" srcset=\"https:\/\/farskallarna.se\/farskallarna\/wp-content\/uploads\/2023\/12\/Resized_20231118_130533003-1.jpg 756w, https:\/\/farskallarna.se\/farskallarna\/wp-content\/uploads\/2023\/12\/Resized_20231118_130533003-1-225x300.jpg 225w\" sizes=\"(max-width: 706px) 89vw, (max-width: 767px) 82vw, 740px\" \/><\/figure>\n\n\n\n<figure class=\"wp-block-image size-large\"><img decoding=\"async\" loading=\"lazy\" width=\"756\" height=\"1008\" data-id=\"465\"  src=\"https:\/\/farskallarna.se\/farskallarna\/wp-content\/uploads\/2023\/12\/Resized_20231118_130548005.jpg\" alt=\"\" class=\"wp-image-465\" srcset=\"https:\/\/farskallarna.se\/farskallarna\/wp-content\/uploads\/2023\/12\/Resized_20231118_130548005.jpg 756w, https:\/\/farskallarna.se\/farskallarna\/wp-content\/uploads\/2023\/12\/Resized_20231118_130548005-225x300.jpg 225w\" sizes=\"(max-width: 706px) 89vw, (max-width: 767px) 82vw, 740px\" \/><\/figure>\n<\/figure>\n\n\n\n<h2 class=\"wp-block-heading\">F\u00e5r- och p\u00e4lsklippning oktober (2023)<\/h2>\n\n\n\n<p>Ett litet g\u00e4ng fr\u00e5n f\u00f6reningen har under oktober klippt alla fyra vuxna tackor s\u00e5 nu \u00e4r de nyklippta och fina! Nyfikenheten var p\u00e5 topp bland \u00f6vriga som g\u00e4rna stod och tittade p\u00e5 eller ville bli kliade precis n\u00e4r man stod med klippapparaten i h\u00f6gsta hugg.<\/p>\n\n\n\n<figure class=\"wp-block-gallery has-nested-images columns-default is-cropped wp-block-gallery-15 is-layout-flex\">\n<figure class=\"wp-block-image size-large\"><img decoding=\"async\" loading=\"lazy\" width=\"768\" height=\"1024\" data-id=\"421\"  src=\"https:\/\/farskallarna.se\/farskallarna\/wp-content\/uploads\/2023\/10\/IMG_7913-2-768x1024.jpeg\" alt=\"\" class=\"wp-image-421\" srcset=\"https:\/\/farskallarna.se\/farskallarna\/wp-content\/uploads\/2023\/10\/IMG_7913-2-768x1024.jpeg 768w, https:\/\/farskallarna.se\/farskallarna\/wp-content\/uploads\/2023\/10\/IMG_7913-2-225x300.jpeg 225w, https:\/\/farskallarna.se\/farskallarna\/wp-content\/uploads\/2023\/10\/IMG_7913-2-1152x1536.jpeg 1152w, https:\/\/farskallarna.se\/farskallarna\/wp-content\/uploads\/2023\/10\/IMG_7913-2-1536x2048.jpeg 1536w, https:\/\/farskallarna.se\/farskallarna\/wp-content\/uploads\/2023\/10\/IMG_7913-2-scaled.jpeg 1920w\" sizes=\"(max-width: 767px) 89vw, (max-width: 1000px) 54vw, (max-width: 1071px) 543px, 580px\" \/><\/figure>\n\n\n\n<figure class=\"wp-block-image size-large\"><img decoding=\"async\" loading=\"lazy\" width=\"768\" height=\"1024\" data-id=\"423\"  src=\"https:\/\/farskallarna.se\/farskallarna\/wp-content\/uploads\/2023\/10\/IMG_7915-2-768x1024.jpeg\" alt=\"\" class=\"wp-image-423\" srcset=\"https:\/\/farskallarna.se\/farskallarna\/wp-content\/uploads\/2023\/10\/IMG_7915-2-768x1024.jpeg 768w, https:\/\/farskallarna.se\/farskallarna\/wp-content\/uploads\/2023\/10\/IMG_7915-2-225x300.jpeg 225w, https:\/\/farskallarna.se\/farskallarna\/wp-content\/uploads\/2023\/10\/IMG_7915-2-1152x1536.jpeg 1152w, https:\/\/farskallarna.se\/farskallarna\/wp-content\/uploads\/2023\/10\/IMG_7915-2-1536x2048.jpeg 1536w, https:\/\/farskallarna.se\/farskallarna\/wp-content\/uploads\/2023\/10\/IMG_7915-2-scaled.jpeg 1920w\" sizes=\"(max-width: 767px) 89vw, (max-width: 1000px) 54vw, (max-width: 1071px) 543px, 580px\" \/><\/figure>\n\n\n\n<figure class=\"wp-block-image size-large\"><img decoding=\"async\" loading=\"lazy\" width=\"768\" height=\"1024\" data-id=\"424\"  src=\"https:\/\/farskallarna.se\/farskallarna\/wp-content\/uploads\/2023\/10\/IMG_7918-2-768x1024.jpeg\" alt=\"\" class=\"wp-image-424\" srcset=\"https:\/\/farskallarna.se\/farskallarna\/wp-content\/uploads\/2023\/10\/IMG_7918-2-768x1024.jpeg 768w, https:\/\/farskallarna.se\/farskallarna\/wp-content\/uploads\/2023\/10\/IMG_7918-2-225x300.jpeg 225w, https:\/\/farskallarna.se\/farskallarna\/wp-content\/uploads\/2023\/10\/IMG_7918-2-1152x1536.jpeg 1152w, https:\/\/farskallarna.se\/farskallarna\/wp-content\/uploads\/2023\/10\/IMG_7918-2-1536x2048.jpeg 1536w, https:\/\/farskallarna.se\/farskallarna\/wp-content\/uploads\/2023\/10\/IMG_7918-2-scaled.jpeg 1920w\" sizes=\"(max-width: 767px) 89vw, (max-width: 1000px) 54vw, (max-width: 1071px) 543px, 580px\" \/><\/figure>\n\n\n\n<figure class=\"wp-block-image size-large\"><img decoding=\"async\" loading=\"lazy\" width=\"768\" height=\"1024\" data-id=\"420\"  src=\"https:\/\/farskallarna.se\/farskallarna\/wp-content\/uploads\/2023\/10\/IMG_7920-2-768x1024.jpeg\" alt=\"\" class=\"wp-image-420\" srcset=\"https:\/\/farskallarna.se\/farskallarna\/wp-content\/uploads\/2023\/10\/IMG_7920-2-768x1024.jpeg 768w, https:\/\/farskallarna.se\/farskallarna\/wp-content\/uploads\/2023\/10\/IMG_7920-2-225x300.jpeg 225w, https:\/\/farskallarna.se\/farskallarna\/wp-content\/uploads\/2023\/10\/IMG_7920-2-1152x1536.jpeg 1152w, https:\/\/farskallarna.se\/farskallarna\/wp-content\/uploads\/2023\/10\/IMG_7920-2-1536x2048.jpeg 1536w, https:\/\/farskallarna.se\/farskallarna\/wp-content\/uploads\/2023\/10\/IMG_7920-2-scaled.jpeg 1920w\" sizes=\"(max-width: 767px) 89vw, (max-width: 1000px) 54vw, (max-width: 1071px) 543px, 580px\" \/><\/figure>\n\n\n\n<figure class=\"wp-block-image size-large\"><img decoding=\"async\" loading=\"lazy\" width=\"1024\" height=\"768\" data-id=\"422\"  src=\"https:\/\/farskallarna.se\/farskallarna\/wp-content\/uploads\/2023\/10\/IMG_7924-2-1024x768.jpeg\" alt=\"\" class=\"wp-image-422\" srcset=\"https:\/\/farskallarna.se\/farskallarna\/wp-content\/uploads\/2023\/10\/IMG_7924-2-1024x768.jpeg 1024w, https:\/\/farskallarna.se\/farskallarna\/wp-content\/uploads\/2023\/10\/IMG_7924-2-300x225.jpeg 300w, https:\/\/farskallarna.se\/farskallarna\/wp-content\/uploads\/2023\/10\/IMG_7924-2-768x576.jpeg 768w, https:\/\/farskallarna.se\/farskallarna\/wp-content\/uploads\/2023\/10\/IMG_7924-2-1536x1152.jpeg 1536w, https:\/\/farskallarna.se\/farskallarna\/wp-content\/uploads\/2023\/10\/IMG_7924-2-2048x1536.jpeg 2048w\" sizes=\"(max-width: 767px) 89vw, (max-width: 1000px) 54vw, (max-width: 1071px) 543px, 580px\" \/><\/figure>\n<\/figure>\n\n\n\n<h2 class=\"wp-block-heading\">Arbetshelg augusti (2023)<\/h2>\n\n\n\n<p>Ett glatt g\u00e4ng med h\u00e4rligt samarbete n\u00e4r nya hagar skulle iordningst\u00e4llas. Arbetet inleddes med att tackor och lamm fick \u00e5terse varandra, vilken lycka! <br>Stort TACK till alla som hj\u00e4lpte till. <\/p>\n\n\n\n<p><strong>V\u00e4lkommen p\u00e5 arbetshelg l\u00f6rdag 26 augusti (och 27:e vid behov)<br><\/strong>Kl 10.00 &#8211; 16.00 l\u00f6rdag den 26 aug, och vid behov fr\u00e5n kl 10.00 till vi \u00e4r klara p\u00e5 s\u00f6ndag den 27 aug, arbetar vi med att f\u00f6rbereda betet\/hagen f\u00f6r baggarna inf\u00f6r att de avskiljs.<\/p>\n\n\n\n<p>Detta \u00e4r inom arbetsinsats f\u00f6r andels\u00e4gare som inte har daglig tillsyn, men alla andels\u00e4gare, st\u00f6dmedlemmar och andra intresserade \u00e4r varmt v\u00e4lkomna att hj\u00e4lpa till, det beh\u00f6vs verkligen! Det brukar bli en v\u00e4ldigt trevligt dag tillsammans med bl.a. grillkorv \u00f6ver lunchen! <em>Kom en stund \u00e4ven om du inte kan vara med hela tiden. <\/em><\/p>\n\n\n\n<h2 class=\"wp-block-heading\">Ny hage \u00e5t lammen (2023)<\/h2>\n\n\n\n<p>Tack till alla som hj\u00e4lpe till att fixa ny hage n\u00e4r det var dags att skilja tackorna och lammen \u00e5t. <\/p>\n\n\n\n<figure class=\"wp-block-image size-large\"><img decoding=\"async\" loading=\"lazy\" width=\"768\" height=\"1024\" src=\"https:\/\/farskallarna.se\/farskallarna\/wp-content\/uploads\/2023\/07\/IMG_0979-768x1024.jpeg\" alt=\"\" class=\"wp-image-366\" srcset=\"https:\/\/farskallarna.se\/farskallarna\/wp-content\/uploads\/2023\/07\/IMG_0979-768x1024.jpeg 768w, https:\/\/farskallarna.se\/farskallarna\/wp-content\/uploads\/2023\/07\/IMG_0979-225x300.jpeg 225w, https:\/\/farskallarna.se\/farskallarna\/wp-content\/uploads\/2023\/07\/IMG_0979-1152x1536.jpeg 1152w, https:\/\/farskallarna.se\/farskallarna\/wp-content\/uploads\/2023\/07\/IMG_0979.jpeg 1512w\" sizes=\"(max-width: 767px) 89vw, (max-width: 1000px) 54vw, (max-width: 1071px) 543px, 580px\" \/><\/figure>\n\n\n\n<h2 class=\"wp-block-heading\">Sommar i hagen (2023)<\/h2>\n\n\n\n<p>F\u00f6reningen \u00e4r bildad! Under en arbetshelg i v\u00e5ras byggd medlemmarna ett ut\u00f6kat f\u00e5rstall och st\u00e4ngslades in den nya beteshagen. I april kom f\u00e5ren tillbaka till oss och i maj lammade fyra av de fem tackorna. Nio fina lamm och fem tackor betar nu f\u00f6r fullt i J\u00e4dra\u00e5s. <br><br>Nu \u00e4r sommarens arbete med att sl\u00e4ppa ut f\u00e5ren i hagen p\u00e5 morgonen och ta in dom p\u00e5 kv\u00e4llen, och i samband med det fylla p\u00e5 vatten, h\u00f6 och se till s\u00e5 att alla m\u00e5r bra, ig\u00e5ng efter ett l\u00f6pande schema. Keligare lamm f\u00e5r man leta efter. <\/p>\n\n\n\n<figure class=\"wp-block-video\"><video controls src=\"https:\/\/farskallarna.se\/farskallarna\/wp-content\/uploads\/2023\/07\/F29B63E3-BDAB-4974-AC41-AB180C6EC809.mov\"><\/video><\/figure>\n\n\n\n<h2 class=\"wp-block-heading\">Framtiden (2021)<\/h2>\n\n\n\n<p>Vaccinet \u00e4r p\u00e5 v\u00e4g och snart hoppas vi p\u00e5 att kunna f\u00e5 m\u00f6tas igen och bilda f\u00f6reningen. Pandemin har gjort att den t\u00e4nkta tidsplanen med att k\u00f6pa in f\u00e5r till f\u00f6reningen redan under sommaren 2021 kanske kommer att f\u00e5 ompr\u00f6vas, men arbetet kommer att forts\u00e4tta med f\u00f6rnyad kraft inom kort.<\/p>\n\n\n\n<h2 class=\"wp-block-heading\">Erfarenheter och reflektioner (2021)<\/h2>\n\n\n\n<p>Arbetet under 2020 lade grunden f\u00f6r uppstarten av ett f\u00e5rkooperativ i J\u00e4dra\u00e5s. Vi s\u00e5g att det finns ett intresse och en vilja att delta, vilket k\u00e4nns v\u00e4ldigt uppmuntrande och roligt! Genom resans g\u00e5ng har vi b\u00e5de haft roligt, gjort nya bekantskaper, l\u00e4rt oss om vad vi kan utveckla, blickat fram\u00e5t och visionerat &#8211; vilket ju ocks\u00e5 var meningen!<\/p>\n\n\n\n<p>Uppstartsgruppen best\u00e5ende av Maggan Olsson, Gunnar Olsson, Peter Oijens, Lars Nordlund och Eva Nordlund arbetade till en b\u00f6rjan med en ans\u00f6kan till J\u00e4dra\u00e5s vindkraftsfond och parallellt med planering inf\u00f6r uppstarten.<\/p>\n\n\n\n<h2 class=\"wp-block-heading\">Starta f\u00f6reningen (2020)<\/h2>\n\n\n\n<p>Efter insipirationstr\u00e4ffen, den 18 oktober, s\u00e5gs n\u00e5gra av de intresserade, cirka 15 st, f\u00f6r att forts\u00e4tta prata om n\u00e4sta steg. Ett roligt m\u00f6te d\u00e4r vi \u00e5t mat och bl.a. delade v\u00e5ra olika personliga ing\u00e5ngar kring varf\u00f6r det vore intressant med ett f\u00e5rkooperativ. M\u00f6tet kom fram till att bilda en grupp som tittade vidare p\u00e5 stadgarna f\u00f6r att sedan utlysa ett konstituerande m\u00f6te. <\/p>\n\n\n\n<p>Gruppen hann ses och g\u00f6ra ett utkast p\u00e5 stadgarna och kalla till m\u00f6tet f\u00f6r att bilda f\u00f6reningen, men innan m\u00f6tet var t\u00e4nkt att h\u00e5llas den 18 november slog pandemins andra v\u00e5g till och satte k\u00e4ppar i hjulet f\u00f6r att ses som t\u00e4nkt.<\/p>\n\n\n\n<p>Gruppen beslutade att avvakta med inbjudan och hoppas p\u00e5 att kunna g\u00f6ra det s\u00e5 snart pandemins grepp har sl\u00e4ppt n\u00e5got.<\/p>\n\n\n\n<h2 class=\"wp-block-heading\">F\u00f6rel\u00e4snings och inspirationstr\u00e4ff i Hyttans R\u00e5dstuga (2020)<\/h2>\n\n\n\n<p>Den 13 september bj\u00f6d vi in till till f\u00f6rel\u00e4sning om lokal ekonomi och matf\u00f6rs\u00f6rjning och en introduktion av var vi \u00e4r med arbetet med f\u00e5rkooperativet.<\/p>\n\n\n\n<p>Vi lyssnade till och inspirerades av Anders Persson, som bl.a. driver S\u00f6dra Norrlands Omst\u00e4llningscentrum och ett sm\u00e5skaligt jordbruk utanf\u00f6r S\u00f6derhamn, om varf\u00f6r det \u00e4r viktigt med lokal ekonomi, lokal mat, hur det utvecklar samh\u00e4llet, bygden och bygger motst\u00e5ndskraft vid kriser som t.ex. Coronapandemin.<\/p>\n\n\n\n<p>Efter lite fika s\u00e5 ber\u00e4ttade vi i uppstartsgruppen mer om visionerna med f\u00e5rkooperativet, hur det skulle kunna fungera och hur processen g\u00e5tt till s\u00e5h\u00e4r l\u00e5ngt.<\/p>\n\n\n\n<p>Cirka 35 personer fr\u00e5n bl.a. J\u00e4dra\u00e5s, Ockelbo och G\u00e4vle kom till tr\u00e4ffen, varav cirka 20 skrev upp sig p\u00e5 intresselistor f\u00f6r att forts\u00e4tta arbeta med id\u00e9ns f\u00f6rverkligande. <\/p>\n\n\n\n<h2 class=\"wp-block-heading\">L\u00e5na och l\u00e4ra (2020)<\/h2>\n\n\n\n<p>Ambitionen med de l\u00e5nade f\u00e5ren under var att f\u00e5 testa v\u00e5ra vingar, l\u00e4ra oss mera, samtala med flera och d\u00e4rmed l\u00e4gga grunden f\u00f6r kooperativet. F\u00e5ren l\u00e5nades fr\u00e5n en g\u00e5rd i J\u00e4rbo &#8211; vi fick testa v\u00e5ra vingar, medan g\u00e5rden fick n\u00e5gra av sina f\u00e5r sk\u00f6tta, vilket var en win-win f\u00f6r b\u00e5da parter.<\/p>\n\n\n<div class=\"wp-block-image\">\n<figure class=\"alignleft size-large\"><img decoding=\"async\" loading=\"lazy\" width=\"360\" height=\"480\" src=\"http:\/\/farskallarna.se\/farskallarna\/wp-content\/uploads\/2021\/01\/IMG_47871.jpg\" alt=\"\" class=\"wp-image-155\" srcset=\"https:\/\/farskallarna.se\/farskallarna\/wp-content\/uploads\/2021\/01\/IMG_47871.jpg 360w, https:\/\/farskallarna.se\/farskallarna\/wp-content\/uploads\/2021\/01\/IMG_47871-225x300.jpg 225w\" sizes=\"(max-width: 360px) 100vw, 360px\" \/><\/figure><\/div>\n\n\n<h2 class=\"wp-block-heading\">F\u00e5ren \u00e5ker (2020)<\/h2>\n\n\n\n<p>I b\u00f6rjan av augusti kom vi fram till att det var dags att avrunda och sammanfatta l\u00e4rdomarna inf\u00f6r kommande arbete med att starta upp kooperativet med flera. <\/p>\n\n\n\n<p>Den 18 augusti l\u00e4mnade f\u00e5ren J\u00e4dra\u00e5s f\u00f6r att \u00e5terv\u00e4nda till J\u00e4rbo.<\/p>\n\n\n\n<p>I samband med det startade planeringsarbetet f\u00f6r att bjuda in flera att medverka i den kommande uppstarten av kooperativet, som b\u00f6rjade med inspirationstr\u00e4ffen i R\u00e5dstugan.<\/p>\n\n\n\n<h2 class=\"wp-block-heading\">Sommarens arbete (2020)<\/h2>\n\n\n\n<p>Arbetet under sommaren bestod till m\u00e5ngt och mycket av att sl\u00e4ppa ut f\u00e5ren i hagen p\u00e5 morgonen och ta in dom p\u00e5 kv\u00e4llen, och i samband med det fylla p\u00e5 vatten, h\u00f6 och se till s\u00e5 att alla m\u00e5dde bra. Uppstartsgruppen hade ett l\u00f6pande schema f\u00f6r vem i gruppen som gjorde detta varje dag. M\u00e5nga samtal l\u00e4ngst med st\u00e4ngslet med b\u00e5de bes\u00f6kare och andra inv\u00e5nare i byn var ocks\u00e5 en fin del av sommarens umg\u00e4nge med f\u00e5r och m\u00e4nniskor.<\/p>\n\n\n<div class=\"wp-block-image\">\n<figure class=\"alignleft size-large\"><img decoding=\"async\" loading=\"lazy\" width=\"240\" height=\"320\" src=\"http:\/\/farskallarna.se\/farskallarna\/wp-content\/uploads\/2021\/01\/IMG_47891.jpg\" alt=\"\" class=\"wp-image-157\" srcset=\"https:\/\/farskallarna.se\/farskallarna\/wp-content\/uploads\/2021\/01\/IMG_47891.jpg 240w, https:\/\/farskallarna.se\/farskallarna\/wp-content\/uploads\/2021\/01\/IMG_47891-225x300.jpg 225w\" sizes=\"(max-width: 240px) 100vw, 240px\" \/><\/figure><\/div>\n\n\n<p>Lammen respekterade inte riktigt st\u00e4ngslet utan kr\u00f6p under och tog sig ut p\u00e5 egna utflykter utanf\u00f6r hagen. Trots upprepade f\u00f6rs\u00f6k att hindra detta (genom exv. att dra extra tr\u00e5d, rensa under f\u00f6r att f\u00e5 starkare str\u00f6mstyrka m.m.) s\u00e5 gick de fortsatt igenom. De gick d\u00e4remot inte s\u00e5 l\u00e5ngt alls utan h\u00f6ll sig n\u00e4ra sina mammor som stannade i hagen. Det blir en l\u00e4rdom till kommande f\u00e5rbes\u00e4ttningar hur vi g\u00f6r detta p\u00e5 b\u00e4ttre s\u00e4tt.<\/p>\n\n\n\n<h2 class=\"wp-block-heading\">F\u00e5ren kommer (2020)<\/h2>\n\n\n\n<p>L\u00f6rdag den 30 maj kom de f\u00f6rsta f\u00e5ren till J\u00e4dra\u00e5s. 3 vuxna tackor med varsitt lamm av rasen Suffolk. Vi bj\u00f6d in till att komma och v\u00e4lkomna byns nya inv\u00e5nare via byns facebook-grupper och m\u00e5nga kom!<\/p>\n\n\n\n<h2 class=\"wp-block-heading\">V\u00e5ren &#8211; f\u00f6rberedelser (2020)<\/h2>\n\n\n<div class=\"wp-block-image\">\n<figure class=\"alignleft size-large is-resized\"><img decoding=\"async\" loading=\"lazy\" src=\"http:\/\/farskallarna.se\/farskallarna\/wp-content\/uploads\/2021\/01\/IMG_05501.jpg\" alt=\"\" class=\"wp-image-150\" width=\"156\" height=\"208\" srcset=\"https:\/\/farskallarna.se\/farskallarna\/wp-content\/uploads\/2021\/01\/IMG_05501.jpg 360w, https:\/\/farskallarna.se\/farskallarna\/wp-content\/uploads\/2021\/01\/IMG_05501-225x300.jpg 225w\" sizes=\"(max-width: 156px) 100vw, 156px\" \/><figcaption class=\"wp-element-caption\">Vila i arbetet<\/figcaption><\/figure><\/div>\n\n\n<p>N\u00e4r vi fick besked fr\u00e5n vindkraftfonden att vi f\u00e5r st\u00f6d f\u00f6r uppstarten p\u00e5b\u00f6rjades arbetet med att k\u00f6pa in utrustning: st\u00e4ngselmaterial och inredning till f\u00e5rstallet. Arbetet med att st\u00e4ngsla in marken mellan badplatsen och Brog\u00e5rdsv\u00e4gen p\u00e5b\u00f6rjades i april och var klart tills f\u00e5rens ankomst.<\/p>\n\n\n\n<p>Det var sp\u00e4nnande att komma ig\u00e5ng praktiskt med de id\u00e9er och visioner vi under f\u00f6reg\u00e5ende \u00e5r har sp\u00e5nat p\u00e5 tillsammans. Att arbeta tillsammans var b\u00e5de roligt och l\u00e4rorikt och vi l\u00e4rde oss mycket om oss sj\u00e4lva, om varandra och s\u00e5klart sen om f\u00e5ren.<\/p>\n\n\n\n<p><\/p>\n\n\n\n<p><\/p>\n\n\n\n<p><\/p>\n","protected":false},"excerpt":{"rendered":"<p>F\u00f6lj F\u00e5rskallarna p\u00e5 facebook! \u00c4ntligen f\u00e5rmys! Nu \u00e4r fyra fina tackor p\u00e5 plats! Det firade vi med en &#8221;f\u00e5r-afterwork&#8221; med p\u00e5sktema sk\u00e4rtorsdagen till \u00e4ra! Fix i hagen inf\u00f6r f\u00e5rens ankomst &hellip; <\/p>\n<p class=\"link-more\"><a href=\"https:\/\/farskallarna.se\/farskallarna\/ar-2020-vad-hande-och-hur-gick-det\/\" class=\"more-link\">Forts\u00e4tt l\u00e4sa<span class=\"screen-reader-text\"> \u201dF\u00f6lj v\u00e5r resa\u201d<\/span><\/a><\/p>\n","protected":false},"author":1,"featured_media":0,"parent":0,"menu_order":0,"comment_status":"closed","ping_status":"closed","template":"","meta":[],"_links":{"self":[{"href":"https:\/\/farskallarna.se\/farskallarna\/wp-json\/wp\/v2\/pages\/117"}],"collection":[{"href":"https:\/\/farskallarna.se\/farskallarna\/wp-json\/wp\/v2\/pages"}],"about":[{"href":"https:\/\/farskallarna.se\/farskallarna\/wp-json\/wp\/v2\/types\/page"}],"author":[{"embeddable":true,"href":"https:\/\/farskallarna.se\/farskallarna\/wp-json\/wp\/v2\/users\/1"}],"replies":[{"embeddable":true,"href":"https:\/\/farskallarna.se\/farskallarna\/wp-json\/wp\/v2\/comments?post=117"}],"version-history":[{"count":72,"href":"https:\/\/farskallarna.se\/farskallarna\/wp-json\/wp\/v2\/pages\/117\/revisions"}],"predecessor-version":[{"id":596,"href":"https:\/\/farskallarna.se\/farskallarna\/wp-json\/wp\/v2\/pages\/117\/revisions\/596"}],"wp:attachment":[{"href":"https:\/\/farskallarna.se\/farskallarna\/wp-json\/wp\/v2\/media?parent=117"}],"curies":[{"name":"wp","href":"https:\/\/api.w.org\/{rel}","templated":true}]}}