{"id":7,"date":"2020-05-19T05:55:17","date_gmt":"2020-05-19T05:55:17","guid":{"rendered":"http:\/\/farskallarna.se\/farskallarna\/?page_id=7"},"modified":"2025-04-21T22:33:49","modified_gmt":"2025-04-21T20:33:49","slug":"om","status":"publish","type":"page","link":"https:\/\/farskallarna.se\/farskallarna\/","title":{"rendered":"Om oss"},"content":{"rendered":"\n<p><em>F\u00f6r l\u00f6pande uppdateringar, f\u00f6lj F\u00e5rskallarna p\u00e5 <a rel=\"noreferrer noopener\" href=\"https:\/\/www.facebook.com\/farskallarnajadraas\" target=\"_blank\">facebook!<\/a><\/em><\/p>\n\n\n\n<p>F\u00e5rskallarna \u00e4r ett kooperativ som tillsammans har hand om ett g\u00e4ng fantastiska och sociala f\u00e5r i en vacker naturbeteshage i J\u00e4dra\u00e5s i G\u00e4strikland alldeles invid den ringlande J\u00e4dra\u00e5n. Aktiva medlemmar delar p\u00e5 ansvar och arbetsinsatser inom f\u00e5rh\u00e5llningen. Arbetet innefattar allt fr\u00e5n daglig tillsyn, vara med vid lamning, beredning av skinn och ull och framst\u00e4llning av livsmedelsprodukter fr\u00e5n dessa. Vi ger ocks\u00e5 m\u00e4nniskor utanf\u00f6r f\u00f6reningen m\u00f6jlighet att tillbringa tid med f\u00e5r och f\u00e5 ny kunskap om f\u00e5rh\u00e5llning. <\/p>\n\n\n\n<p class=\"has-medium-font-size\">Vad vi vill \u00e5dstakomma<\/p>\n\n\n\n<div class=\"wp-block-group is-layout-constrained\"><div class=\"wp-block-group__inner-container\">\n<ul>\n<li>Djurh\u00e5llning med f\u00e5r f\u00f6r att skapa gemenskap, sammanh\u00e5llning, meningsfullhet, integration och ett \u00f6ppet landskap.<\/li>\n\n\n\n<li>En socialt och klimatm\u00e4ssigt h\u00e5llbar produktionskedja av ull, skinn och k\u00f6tt.<\/li>\n\n\n\n<li>Ett andelsbruk med kooperativa driftsformer d\u00e4r medlemmarna \u00e4r gemensamt ansvariga och \u00e4gare.<\/li>\n\n\n\n<li>En organisation med ett nytt s\u00e4tt att&nbsp;t\u00e4nka och skapa ovan n\u00e4mnda v\u00e4rden utan ekonomiskt vinstsyfte.<\/li>\n\n\n\n<li>Detta i och f\u00f6r J\u00e4dra\u00e5s och Ockelbobygden, men ocks\u00e5 f\u00f6r samh\u00e4llet i stort.<\/li>\n<\/ul>\n<\/div><\/div>\n\n\n\n<p>L\u00e4s mer om v\u00e5r <a href=\"http:\/\/farskallarna.se\/farskallarna\/ar-2020-vad-hande-och-hur-gick-det\/\">bakgrund<\/a> och v\u00e5r <a href=\"http:\/\/farskallarna.se\/farskallarna\/var-vision\/\">vision <\/a>!<\/p>\n\n\n\n<figure class=\"wp-block-gallery has-nested-images columns-default is-cropped wp-block-gallery-2 is-layout-flex\">\n<figure class=\"wp-block-image size-large\"><img decoding=\"async\" loading=\"lazy\" width=\"1024\" height=\"769\" data-id=\"562\"  src=\"http:\/\/farskallarna.se\/farskallarna\/wp-content\/uploads\/2024\/10\/369944548_610278134597316_7809926116318493766_n-1-1024x769.jpg\" alt=\"\" class=\"wp-image-562\" srcset=\"https:\/\/farskallarna.se\/farskallarna\/wp-content\/uploads\/2024\/10\/369944548_610278134597316_7809926116318493766_n-1-1024x769.jpg 1024w, https:\/\/farskallarna.se\/farskallarna\/wp-content\/uploads\/2024\/10\/369944548_610278134597316_7809926116318493766_n-1-300x225.jpg 300w, https:\/\/farskallarna.se\/farskallarna\/wp-content\/uploads\/2024\/10\/369944548_610278134597316_7809926116318493766_n-1-768x577.jpg 768w, https:\/\/farskallarna.se\/farskallarna\/wp-content\/uploads\/2024\/10\/369944548_610278134597316_7809926116318493766_n-1.jpg 1278w\" sizes=\"(max-width: 767px) 89vw, (max-width: 1000px) 54vw, (max-width: 1071px) 543px, 580px\" \/><\/figure>\n\n\n\n<figure class=\"wp-block-image size-large\"><img decoding=\"async\" loading=\"lazy\" width=\"768\" height=\"1024\" data-id=\"373\"  src=\"http:\/\/farskallarna.se\/farskallarna\/wp-content\/uploads\/2023\/07\/IMG_7563-768x1024.jpeg\" alt=\"\" class=\"wp-image-373\" srcset=\"https:\/\/farskallarna.se\/farskallarna\/wp-content\/uploads\/2023\/07\/IMG_7563-768x1024.jpeg 768w, https:\/\/farskallarna.se\/farskallarna\/wp-content\/uploads\/2023\/07\/IMG_7563-225x300.jpeg 225w, https:\/\/farskallarna.se\/farskallarna\/wp-content\/uploads\/2023\/07\/IMG_7563-1152x1536.jpeg 1152w, https:\/\/farskallarna.se\/farskallarna\/wp-content\/uploads\/2023\/07\/IMG_7563-1536x2048.jpeg 1536w, https:\/\/farskallarna.se\/farskallarna\/wp-content\/uploads\/2023\/07\/IMG_7563-scaled.jpeg 1920w\" sizes=\"(max-width: 767px) 89vw, (max-width: 1000px) 54vw, (max-width: 1071px) 543px, 580px\" \/><\/figure>\n<\/figure>\n\n\n\n<p><br><\/p>\n","protected":false},"excerpt":{"rendered":"<p>F\u00f6r l\u00f6pande uppdateringar, f\u00f6lj F\u00e5rskallarna p\u00e5 facebook! F\u00e5rskallarna \u00e4r ett kooperativ som tillsammans har hand om ett g\u00e4ng fantastiska och sociala f\u00e5r i en vacker naturbeteshage i J\u00e4dra\u00e5s i G\u00e4strikland &hellip; <\/p>\n<p class=\"link-more\"><a href=\"https:\/\/farskallarna.se\/farskallarna\/\" class=\"more-link\">Forts\u00e4tt l\u00e4sa<span class=\"screen-reader-text\"> \u201dOm oss\u201d<\/span><\/a><\/p>\n","protected":false},"author":1,"featured_media":0,"parent":0,"menu_order":0,"comment_status":"closed","ping_status":"closed","template":"","meta":[],"_links":{"self":[{"href":"https:\/\/farskallarna.se\/farskallarna\/wp-json\/wp\/v2\/pages\/7"}],"collection":[{"href":"https:\/\/farskallarna.se\/farskallarna\/wp-json\/wp\/v2\/pages"}],"about":[{"href":"https:\/\/farskallarna.se\/farskallarna\/wp-json\/wp\/v2\/types\/page"}],"author":[{"embeddable":true,"href":"https:\/\/farskallarna.se\/farskallarna\/wp-json\/wp\/v2\/users\/1"}],"replies":[{"embeddable":true,"href":"https:\/\/farskallarna.se\/farskallarna\/wp-json\/wp\/v2\/comments?post=7"}],"version-history":[{"count":26,"href":"https:\/\/farskallarna.se\/farskallarna\/wp-json\/wp\/v2\/pages\/7\/revisions"}],"predecessor-version":[{"id":599,"href":"https:\/\/farskallarna.se\/farskallarna\/wp-json\/wp\/v2\/pages\/7\/revisions\/599"}],"wp:attachment":[{"href":"https:\/\/farskallarna.se\/farskallarna\/wp-json\/wp\/v2\/media?parent=7"}],"curies":[{"name":"wp","href":"https:\/\/api.w.org\/{rel}","templated":true}]}}